{"id":2,"date":"2023-02-06T10:22:45","date_gmt":"2023-02-06T10:22:45","guid":{"rendered":"http:\/\/feb.si\/me\/?page_id=2"},"modified":"2024-03-19T15:28:21","modified_gmt":"2024-03-19T15:28:21","slug":"sample-page","status":"publish","type":"page","link":"https:\/\/feb.si\/me\/","title":{"rendered":"Sample Page"},"content":{"rendered":"\n\t<section class=\"section section-banner\" id=\"section_1028263390\">\n\t\t<div class=\"bg section-bg fill bg-fill  bg-loaded\" >\n\n\t\t\t\n\t\t\t\n\t\t\t\n\n\t\t<\/div>\n\n\t\t\n\n\t\t<div class=\"section-content relative\">\n\t\t\t\n\n\n  <div class=\"banner has-hover has-video is-full-height\" id=\"banner-1849581636\">\n          <div class=\"banner-inner fill\">\n        <div class=\"banner-bg fill\" >\n            <div class=\"bg fill bg-fill \"><\/div>\n            \t<div class=\"video-overlay no-click fill visible\"><\/div>\n\t<video class=\"video-bg fill visible\" preload playsinline autoplay muted loop>\n\t\t<source src=\"https:\/\/www.slovenia.info\/media\/processed\/3\/5\/3591c986622486eda1309bb42abcfc42.mp4\" type=\"video\/mp4\">\t<\/video>\n            <div class=\"overlay\"><\/div>            \n                    <\/div>\n\t\t\n        <div class=\"banner-layers container\">\n            <div class=\"fill banner-link\"><\/div>            \n\n   <div id=\"text-box-2034562368\" class=\"text-box banner-layer x50 md-x50 lg-x50 y50 md-y50 lg-y50 res-text\">\n                                <div class=\"text-box-content text dark\">\n              \n              <div class=\"text-inner text-center\">\n                  \n\n<h2><strong>ROAD TO EUROPE<\/strong><\/h2>\n<p>Forum for the European Balkan<\/p>\n\n              <\/div>\n           <\/div>\n                            \n<style>\n#text-box-2034562368 {\n  width: 90%;\n}\n#text-box-2034562368 .text-box-content {\n  font-size: 100%;\n}\n@media (min-width:550px) {\n  #text-box-2034562368 {\n    width: 60%;\n  }\n}\n<\/style>\n    <\/div>\n \n\n        <\/div>\n      <\/div>\n\n            \n<style>\n#banner-1849581636 {\n  padding-top: 100%;\n}\n#banner-1849581636 .bg.bg-loaded {\n  background-image: url(https:\/\/feb.si\/me\/wp-content\/uploads\/sites\/2\/2023\/02\/Rectangle-2-1024x498.png);\n}\n#banner-1849581636 .overlay {\n  background-color: rgba(11, 11, 11, 0.279);\n}\n#banner-1849581636 .ux-shape-divider--top svg {\n  height: 150px;\n  --divider-top-width: 100%;\n}\n#banner-1849581636 .ux-shape-divider--bottom svg {\n  height: 150px;\n  --divider-width: 100%;\n}\n@media (min-width:550px) {\n  #banner-1849581636 {\n    padding-top: 100%;\n  }\n}\n<\/style>\n  <\/div>\n\n\n\n\t\t<\/div>\n\n\t\t\n<style>\n#section_1028263390 {\n  padding-top: 0px;\n  padding-bottom: 0px;\n}\n#section_1028263390 .ux-shape-divider--top svg {\n  height: 150px;\n  --divider-top-width: 100%;\n}\n#section_1028263390 .ux-shape-divider--bottom svg {\n  height: 150px;\n  --divider-width: 100%;\n}\n<\/style>\n\t<\/section>\n\t\n\t<section class=\"section\" id=\"section_476079388\">\n\t\t<div class=\"bg section-bg fill bg-fill  bg-loaded\" >\n\n\t\t\t\n\t\t\t\n\t\t\t\n\n\t\t<\/div>\n\n\t\t\n\n\t\t<div class=\"section-content relative\">\n\t\t\t\n\n<div class=\"row align-center\"  id=\"row-1466698381\">\n\n\n\t<div id=\"col-532723338\" class=\"col pb-0 small-11 large-12\"  >\n\t\t\t\t<div class=\"col-inner text-center\"  >\n\t\t\t\n\t\t\t\n\n<h2>Najnovej\u0161e objave<\/h2>\n<div class=\"row\"  id=\"row-2005217708\">\n\n\n\t<div id=\"col-353925482\" class=\"col medium-4 small-12 large-4\"  >\n\t\t\t\t<div class=\"col-inner\"  >\n\t\t\t\n\t\t\t\n\n\n  \n    <div class=\"row border-l newest-posts large-columns-1 medium-columns-1 small-columns-1 slider row-slider slider-nav-reveal slider-nav-push\"  data-flickity-options='{\"imagesLoaded\": true, \"groupCells\": \"100%\", \"dragThreshold\" : 5, \"cellAlign\": \"left\",\"wrapAround\": true,\"prevNextButtons\": true,\"percentPosition\": true,\"pageDots\": false, \"rightToLeft\": false, \"autoPlay\" : false}'>\n\n  <div class=\"col post-item\" >\n\t\t\t<div class=\"col-inner\">\n\t\t\t<a href=\"https:\/\/feb.si\/me\/blog\/2026\/04\/16\/rezultati-lokalnih-izbora-u-srbijii-njihov-moguci-uticaj-na-dalji-razvoj-politicke-krize-u-srbiji\/\" class=\"plain\">\n\t\t\t\t<div class=\"box box-normal box-text-bottom box-blog-post has-hover\">\n            \t\t\t\t\t<div class=\"box-image\" >\n  \t\t\t\t\t\t<div class=\"image-cover\" style=\"padding-top:56.25%;\">\n  \t\t\t\t\t\t\t<img loading=\"lazy\" decoding=\"async\" width=\"296\" height=\"170\" src=\"https:\/\/feb.si\/me\/wp-content\/uploads\/sites\/2\/2026\/04\/images.jpg\" class=\"attachment-medium size-medium wp-post-image\" alt=\"\" \/>  \t\t\t\t\t\t\t  \t\t\t\t\t\t\t  \t\t\t\t\t\t<\/div>\n  \t\t\t\t\t\t  \t\t\t\t\t<\/div>\n          \t\t\t\t\t<div class=\"box-text text-left is-large\" >\n\t\t\t\t\t<div class=\"box-text-inner blog-post-inner\">\n\n\t\t\t\t\t\n\t\t\t\t\t\t\t\t\t\t\t<p class=\"cat-label tag-label is-xxsmall op-7 uppercase\">\n\t\t\t\t\tAnalize \t\t\t\t\t<\/p>\n\t\t\t\t\t\t\t\t\t\t<h5 class=\"post-title is-larger \">Rezultati lokalnih izbora u Srbijii njihov mogu\u0107i uticaj na dalji razvoj politi\u010dke krize u Srbiji<\/h5>\n\t\t\t\t\t<div class=\"post-meta is-small op-8\">April 16, 2026<\/div>\t\t\t\t\t<div class=\"is-divider\"><\/div>\n\t\t\t\t\t\t\t\t\t\t<p class=\"from_the_blog_excerpt \">U Srbiji su 29. marta 2026. godine odr\u017eani lokalni izbori u deset manjih mesta...\t\t\t\t\t<\/p>\n\t\t\t\t\t                    \n\t\t\t\t\t\t\t\t\t\t\t<button href=\"https:\/\/feb.si\/me\/blog\/2026\/04\/16\/rezultati-lokalnih-izbora-u-srbijii-njihov-moguci-uticaj-na-dalji-razvoj-politicke-krize-u-srbiji\/\" class=\"button primary is-underline is-small mb-0\">\n\t\t\t\t\t\t\tve\u010d\t\t\t\t\t\t<\/button>\n\t\t\t\t\t\n\t\t\t\t\t\n\t\t\t\t\t<\/div>\n\t\t\t\t\t<\/div>\n\t\t\t\t\t\t\t\t\t<\/div>\n\t\t\t\t<\/a>\n\t\t\t<\/div>\n\t\t<\/div><div class=\"col post-item\" >\n\t\t\t<div class=\"col-inner\">\n\t\t\t<a href=\"https:\/\/feb.si\/me\/blog\/2026\/03\/03\/stranka-srbija-centar-srce\/\" class=\"plain\">\n\t\t\t\t<div class=\"box box-normal box-text-bottom box-blog-post has-hover\">\n            \t\t\t\t\t<div class=\"box-image\" >\n  \t\t\t\t\t\t<div class=\"image-cover\" style=\"padding-top:56.25%;\">\n  \t\t\t\t\t\t\t<img loading=\"lazy\" decoding=\"async\" width=\"300\" height=\"205\" src=\"https:\/\/feb.si\/me\/wp-content\/uploads\/sites\/2\/2026\/03\/45j-300x205.jpg\" class=\"attachment-medium size-medium wp-post-image\" alt=\"\" srcset=\"https:\/\/feb.si\/me\/wp-content\/uploads\/sites\/2\/2026\/03\/45j-300x205.jpg 300w, https:\/\/feb.si\/me\/wp-content\/uploads\/sites\/2\/2026\/03\/45j.jpg 720w\" sizes=\"(max-width: 300px) 100vw, 300px\" \/>  \t\t\t\t\t\t\t  \t\t\t\t\t\t\t  \t\t\t\t\t\t<\/div>\n  \t\t\t\t\t\t  \t\t\t\t\t<\/div>\n          \t\t\t\t\t<div class=\"box-text text-left is-large\" >\n\t\t\t\t\t<div class=\"box-text-inner blog-post-inner\">\n\n\t\t\t\t\t\n\t\t\t\t\t\t\t\t\t\t\t<p class=\"cat-label tag-label is-xxsmall op-7 uppercase\">\n\t\t\t\t\tAnalize \t\t\t\t\t<\/p>\n\t\t\t\t\t\t\t\t\t\t<h5 class=\"post-title is-larger \">Stranka Srbija \u2013 Centar (SRCE)<\/h5>\n\t\t\t\t\t<div class=\"post-meta is-small op-8\">Mart 3, 2026<\/div>\t\t\t\t\t<div class=\"is-divider\"><\/div>\n\t\t\t\t\t\t\t\t\t\t<p class=\"from_the_blog_excerpt \">\u2013 U borbi za demokratizaciju i okrevanje Srbije \u2013 Stranka Srbija Centar SRCE predstavlja...\t\t\t\t\t<\/p>\n\t\t\t\t\t                    \n\t\t\t\t\t\t\t\t\t\t\t<button href=\"https:\/\/feb.si\/me\/blog\/2026\/03\/03\/stranka-srbija-centar-srce\/\" class=\"button primary is-underline is-small mb-0\">\n\t\t\t\t\t\t\tve\u010d\t\t\t\t\t\t<\/button>\n\t\t\t\t\t\n\t\t\t\t\t\n\t\t\t\t\t<\/div>\n\t\t\t\t\t<\/div>\n\t\t\t\t\t\t\t\t\t<\/div>\n\t\t\t\t<\/a>\n\t\t\t<\/div>\n\t\t<\/div><\/div>\n\n\n\t\t<\/div>\n\t\t\t\t\t<\/div>\n\n\t\n\n\t<div id=\"col-1629744129\" class=\"col medium-4 small-12 large-4\"  >\n\t\t\t\t<div class=\"col-inner\"  >\n\t\t\t\n\t\t\t\n\n\n  \n    <div class=\"row border-l newest-posts large-columns-1 medium-columns-1 small-columns-1 slider row-slider slider-nav-reveal slider-nav-push\"  data-flickity-options='{\"imagesLoaded\": true, \"groupCells\": \"100%\", \"dragThreshold\" : 5, \"cellAlign\": \"left\",\"wrapAround\": true,\"prevNextButtons\": true,\"percentPosition\": true,\"pageDots\": false, \"rightToLeft\": false, \"autoPlay\" : false}'>\n\n  <div class=\"col post-item\" >\n\t\t\t<div class=\"col-inner\">\n\t\t\t<a href=\"https:\/\/feb.si\/me\/blog\/2024\/12\/11\/sastao-se-strucni-savjet-feb-a\/\" class=\"plain\">\n\t\t\t\t<div class=\"box box-normal box-text-bottom box-blog-post has-hover\">\n            \t\t\t\t\t<div class=\"box-image\" >\n  \t\t\t\t\t\t<div class=\"image-cover\" style=\"padding-top:56.25%;\">\n  \t\t\t\t\t\t\t<img loading=\"lazy\" decoding=\"async\" width=\"300\" height=\"225\" src=\"https:\/\/feb.si\/me\/wp-content\/uploads\/sites\/2\/2024\/12\/FEB-novoletna-5.12.-3-300x225.jpg\" class=\"attachment-medium size-medium wp-post-image\" alt=\"\" srcset=\"https:\/\/feb.si\/me\/wp-content\/uploads\/sites\/2\/2024\/12\/FEB-novoletna-5.12.-3-300x225.jpg 300w, https:\/\/feb.si\/me\/wp-content\/uploads\/sites\/2\/2024\/12\/FEB-novoletna-5.12.-3-1024x768.jpg 1024w, https:\/\/feb.si\/me\/wp-content\/uploads\/sites\/2\/2024\/12\/FEB-novoletna-5.12.-3-768x576.jpg 768w, https:\/\/feb.si\/me\/wp-content\/uploads\/sites\/2\/2024\/12\/FEB-novoletna-5.12.-3-1536x1152.jpg 1536w, https:\/\/feb.si\/me\/wp-content\/uploads\/sites\/2\/2024\/12\/FEB-novoletna-5.12.-3.jpg 2000w\" sizes=\"(max-width: 300px) 100vw, 300px\" \/>  \t\t\t\t\t\t\t  \t\t\t\t\t\t\t  \t\t\t\t\t\t<\/div>\n  \t\t\t\t\t\t  \t\t\t\t\t<\/div>\n          \t\t\t\t\t<div class=\"box-text text-left is-large\" >\n\t\t\t\t\t<div class=\"box-text-inner blog-post-inner\">\n\n\t\t\t\t\t\n\t\t\t\t\t\t\t\t\t\t\t<p class=\"cat-label tag-label is-xxsmall op-7 uppercase\">\n\t\t\t\t\tDoga\u0111aji \t\t\t\t\t<\/p>\n\t\t\t\t\t\t\t\t\t\t<h5 class=\"post-title is-larger \">Sastao se stru\u010dni savjet FEB-a<\/h5>\n\t\t\t\t\t<div class=\"post-meta is-small op-8\">Decembar 11, 2024<\/div>\t\t\t\t\t<div class=\"is-divider\"><\/div>\n\t\t\t\t\t\t\t\t\t\t<p class=\"from_the_blog_excerpt \">Ljubljana, 11.12.2024 Po\u010detkom decembra, ta\u010dnije 5. i 6. decembra organizovan je sastanak Stru\u010dnog savjeta...\t\t\t\t\t<\/p>\n\t\t\t\t\t                    \n\t\t\t\t\t\t\t\t\t\t\t<button href=\"https:\/\/feb.si\/me\/blog\/2024\/12\/11\/sastao-se-strucni-savjet-feb-a\/\" class=\"button primary is-underline is-small mb-0\">\n\t\t\t\t\t\t\tVe\u010d\t\t\t\t\t\t<\/button>\n\t\t\t\t\t\n\t\t\t\t\t\n\t\t\t\t\t<\/div>\n\t\t\t\t\t<\/div>\n\t\t\t\t\t\t\t\t\t<\/div>\n\t\t\t\t<\/a>\n\t\t\t<\/div>\n\t\t<\/div><div class=\"col post-item\" >\n\t\t\t<div class=\"col-inner\">\n\t\t\t<a href=\"https:\/\/feb.si\/me\/blog\/2024\/11\/05\/ugledni-diplomata-iz-bih-igor-davidovic-posjetio-feb-2\/\" class=\"plain\">\n\t\t\t\t<div class=\"box box-normal box-text-bottom box-blog-post has-hover\">\n            \t\t\t\t\t<div class=\"box-image\" >\n  \t\t\t\t\t\t<div class=\"image-cover\" style=\"padding-top:56.25%;\">\n  \t\t\t\t\t\t\t<img loading=\"lazy\" decoding=\"async\" width=\"225\" height=\"300\" src=\"https:\/\/feb.si\/me\/wp-content\/uploads\/sites\/2\/2024\/11\/Picture3-225x300.jpg\" class=\"attachment-medium size-medium wp-post-image\" alt=\"\" srcset=\"https:\/\/feb.si\/me\/wp-content\/uploads\/sites\/2\/2024\/11\/Picture3-225x300.jpg 225w, https:\/\/feb.si\/me\/wp-content\/uploads\/sites\/2\/2024\/11\/Picture3-768x1024.jpg 768w, https:\/\/feb.si\/me\/wp-content\/uploads\/sites\/2\/2024\/11\/Picture3-1152x1536.jpg 1152w, https:\/\/feb.si\/me\/wp-content\/uploads\/sites\/2\/2024\/11\/Picture3.jpg 1200w\" sizes=\"(max-width: 225px) 100vw, 225px\" \/>  \t\t\t\t\t\t\t  \t\t\t\t\t\t\t  \t\t\t\t\t\t<\/div>\n  \t\t\t\t\t\t  \t\t\t\t\t<\/div>\n          \t\t\t\t\t<div class=\"box-text text-left is-large\" >\n\t\t\t\t\t<div class=\"box-text-inner blog-post-inner\">\n\n\t\t\t\t\t\n\t\t\t\t\t\t\t\t\t\t\t<p class=\"cat-label tag-label is-xxsmall op-7 uppercase\">\n\t\t\t\t\tDoga\u0111aji \t\t\t\t\t<\/p>\n\t\t\t\t\t\t\t\t\t\t<h5 class=\"post-title is-larger \">Ugledni diplomata iz BiH Igor Davidovi\u0107 posjetio FEB<\/h5>\n\t\t\t\t\t<div class=\"post-meta is-small op-8\">Novembar 5, 2024<\/div>\t\t\t\t\t<div class=\"is-divider\"><\/div>\n\t\t\t\t\t\t\t\t\t\t<p class=\"from_the_blog_excerpt \">&#8216;Gra\u0111ani Bosne i Hercegovine i drugih balkanskih zemalja ve\u0107 su toliko puta \u010duli obe\u0107anja...\t\t\t\t\t<\/p>\n\t\t\t\t\t                    \n\t\t\t\t\t\t\t\t\t\t\t<button href=\"https:\/\/feb.si\/me\/blog\/2024\/11\/05\/ugledni-diplomata-iz-bih-igor-davidovic-posjetio-feb-2\/\" class=\"button primary is-underline is-small mb-0\">\n\t\t\t\t\t\t\tVe\u010d\t\t\t\t\t\t<\/button>\n\t\t\t\t\t\n\t\t\t\t\t\n\t\t\t\t\t<\/div>\n\t\t\t\t\t<\/div>\n\t\t\t\t\t\t\t\t\t<\/div>\n\t\t\t\t<\/a>\n\t\t\t<\/div>\n\t\t<\/div><\/div>\n\n\n\t\t<\/div>\n\t\t\t\t\t<\/div>\n\n\t\n\n\t<div id=\"col-1603768462\" class=\"col medium-4 small-12 large-4\"  >\n\t\t\t\t<div class=\"col-inner\"  >\n\t\t\t\n\t\t\t\n\n\n  \n    <div class=\"row border-l newest-posts large-columns-1 medium-columns-1 small-columns-1 slider row-slider slider-nav-reveal slider-nav-push\"  data-flickity-options='{\"imagesLoaded\": true, \"groupCells\": \"100%\", \"dragThreshold\" : 5, \"cellAlign\": \"left\",\"wrapAround\": true,\"prevNextButtons\": true,\"percentPosition\": true,\"pageDots\": false, \"rightToLeft\": false, \"autoPlay\" : false}'>\n\n  <div class=\"col post-item\" >\n\t\t\t<div class=\"col-inner\">\n\t\t\t<a href=\"https:\/\/feb.si\/me\/blog\/2026\/03\/10\/zatvaranje-poglavlja-vladavine-prava-sje-uzatvaranje-samog-pregovarackog-procesa\/\" class=\"plain\">\n\t\t\t\t<div class=\"box box-normal box-text-bottom box-blog-post has-hover\">\n            \t\t\t\t\t<div class=\"box-image\" >\n  \t\t\t\t\t\t<div class=\"image-cover\" style=\"padding-top:56.25%;\">\n  \t\t\t\t\t\t\t<img loading=\"lazy\" decoding=\"async\" width=\"300\" height=\"169\" src=\"https:\/\/feb.si\/me\/wp-content\/uploads\/sites\/2\/2026\/03\/crna-gora-eu-300x169.jpg\" class=\"attachment-medium size-medium wp-post-image\" alt=\"\" srcset=\"https:\/\/feb.si\/me\/wp-content\/uploads\/sites\/2\/2026\/03\/crna-gora-eu-300x169.jpg 300w, https:\/\/feb.si\/me\/wp-content\/uploads\/sites\/2\/2026\/03\/crna-gora-eu.jpg 640w\" sizes=\"(max-width: 300px) 100vw, 300px\" \/>  \t\t\t\t\t\t\t  \t\t\t\t\t\t\t  \t\t\t\t\t\t<\/div>\n  \t\t\t\t\t\t  \t\t\t\t\t<\/div>\n          \t\t\t\t\t<div class=\"box-text text-left is-large\" >\n\t\t\t\t\t<div class=\"box-text-inner blog-post-inner\">\n\n\t\t\t\t\t\n\t\t\t\t\t\t\t\t\t\t\t<p class=\"cat-label tag-label is-xxsmall op-7 uppercase\">\n\t\t\t\t\tIntervjui \t\t\t\t\t<\/p>\n\t\t\t\t\t\t\t\t\t\t<h5 class=\"post-title is-larger \">Zatvaranje poglavlja vladavine prava, je zatvaranje samog pregovara\u010dkog procesa<\/h5>\n\t\t\t\t\t<div class=\"post-meta is-small op-8\">Mart 10, 2026<\/div>\t\t\t\t\t<div class=\"is-divider\"><\/div>\n\t\t\t\t\t\t\t\t\t\t<p class=\"from_the_blog_excerpt \">\u2018Ako se sada\u0161nji tempo odr\u017ei, odnosno poja\u010da u ovim klju\u010dnim mjesecima do ljeta, te...\t\t\t\t\t<\/p>\n\t\t\t\t\t                    \n\t\t\t\t\t\t\t\t\t\t\t<button href=\"https:\/\/feb.si\/me\/blog\/2026\/03\/10\/zatvaranje-poglavlja-vladavine-prava-sje-uzatvaranje-samog-pregovarackog-procesa\/\" class=\"button primary is-underline is-small mb-0\">\n\t\t\t\t\t\t\tve\u010d\t\t\t\t\t\t<\/button>\n\t\t\t\t\t\n\t\t\t\t\t\n\t\t\t\t\t<\/div>\n\t\t\t\t\t<\/div>\n\t\t\t\t\t\t\t\t\t<\/div>\n\t\t\t\t<\/a>\n\t\t\t<\/div>\n\t\t<\/div><div class=\"col post-item\" >\n\t\t\t<div class=\"col-inner\">\n\t\t\t<a href=\"https:\/\/feb.si\/me\/blog\/2024\/11\/18\/evropska-unija-nije-idealna-a-je-za-zahodni-balkan-optimalna\/\" class=\"plain\">\n\t\t\t\t<div class=\"box box-normal box-text-bottom box-blog-post has-hover\">\n            \t\t\t\t\t<div class=\"box-image\" >\n  \t\t\t\t\t\t<div class=\"image-cover\" style=\"padding-top:56.25%;\">\n  \t\t\t\t\t\t\t<img loading=\"lazy\" decoding=\"async\" width=\"225\" height=\"300\" src=\"https:\/\/feb.si\/me\/wp-content\/uploads\/sites\/2\/2024\/11\/Picture3-225x300.jpg\" class=\"attachment-medium size-medium wp-post-image\" alt=\"\" srcset=\"https:\/\/feb.si\/me\/wp-content\/uploads\/sites\/2\/2024\/11\/Picture3-225x300.jpg 225w, https:\/\/feb.si\/me\/wp-content\/uploads\/sites\/2\/2024\/11\/Picture3-768x1024.jpg 768w, https:\/\/feb.si\/me\/wp-content\/uploads\/sites\/2\/2024\/11\/Picture3-1152x1536.jpg 1152w, https:\/\/feb.si\/me\/wp-content\/uploads\/sites\/2\/2024\/11\/Picture3.jpg 1200w\" sizes=\"(max-width: 225px) 100vw, 225px\" \/>  \t\t\t\t\t\t\t  \t\t\t\t\t\t\t  \t\t\t\t\t\t<\/div>\n  \t\t\t\t\t\t  \t\t\t\t\t<\/div>\n          \t\t\t\t\t<div class=\"box-text text-left is-large\" >\n\t\t\t\t\t<div class=\"box-text-inner blog-post-inner\">\n\n\t\t\t\t\t\n\t\t\t\t\t\t\t\t\t\t\t<p class=\"cat-label tag-label is-xxsmall op-7 uppercase\">\n\t\t\t\t\tIntervjui \t\t\t\t\t<\/p>\n\t\t\t\t\t\t\t\t\t\t<h5 class=\"post-title is-larger \">Evropska unija nije idealna, ali je za Zapadni Balkan optimalna<\/h5>\n\t\t\t\t\t<div class=\"post-meta is-small op-8\">Novembar 18, 2024<\/div>\t\t\t\t\t<div class=\"is-divider\"><\/div>\n\t\t\t\t\t\t\t\t\t\t<p class=\"from_the_blog_excerpt \">Igor Davidovi\u0107 je iskusan diplomata iz Bosne i Hercegovine, koji je za svoju dr\u017eavu...\t\t\t\t\t<\/p>\n\t\t\t\t\t                    \n\t\t\t\t\t\t\t\t\t\t\t<button href=\"https:\/\/feb.si\/me\/blog\/2024\/11\/18\/evropska-unija-nije-idealna-a-je-za-zahodni-balkan-optimalna\/\" class=\"button primary is-underline is-small mb-0\">\n\t\t\t\t\t\t\tve\u010d\t\t\t\t\t\t<\/button>\n\t\t\t\t\t\n\t\t\t\t\t\n\t\t\t\t\t<\/div>\n\t\t\t\t\t<\/div>\n\t\t\t\t\t\t\t\t\t<\/div>\n\t\t\t\t<\/a>\n\t\t\t<\/div>\n\t\t<\/div><\/div>\n\n\n\t\t<\/div>\n\t\t\t\t\t<\/div>\n\n\t\n\n<\/div>\n<a href=\"\/objave\/\" target=\"_self\" class=\"button secondary is-outline mt\"  >\n    <span>Vse objave<\/span>\n  <\/a>\n\n\n\n\t\t<\/div>\n\t\t\t\t\t<\/div>\n\n\t\n\n<\/div>\n\n\t\t<\/div>\n\n\t\t\n<style>\n#section_476079388 {\n  padding-top: 50px;\n  padding-bottom: 50px;\n}\n#section_476079388 .ux-shape-divider--top svg {\n  height: 150px;\n  --divider-top-width: 100%;\n}\n#section_476079388 .ux-shape-divider--bottom svg {\n  height: 150px;\n  --divider-width: 100%;\n}\n@media (min-width:550px) {\n  #section_476079388 {\n    padding-top: 40px;\n    padding-bottom: 40px;\n  }\n}\n<\/style>\n\t<\/section>\n\t\n\t<section class=\"section\" id=\"section_1925850520\">\n\t\t<div class=\"bg section-bg fill bg-fill  bg-loaded\" >\n\n\t\t\t\n\t\t\t\n\t\t\t\n\t<div class=\"is-border\"\n\t\tstyle=\"border-color:rgb(216, 174, 94);border-width:1px 0px 0px 0px;\">\n\t<\/div>\n\n\t\t<\/div>\n\n\t\t\n\n\t\t<div class=\"section-content relative\">\n\t\t\t\n\n<div class=\"row\"  id=\"row-1682564413\">\n\n\n\t<div id=\"col-1922420702\" class=\"col pb-0 small-12 large-12\"  >\n\t\t\t\t<div class=\"col-inner\"  >\n\t\t\t\n\t\t\t\n\n<div class=\"row\"  id=\"row-655487710\">\n\n\n\t<div id=\"col-1037395355\" class=\"col pb-0 small-12 large-12\"  >\n\t\t\t\t<div class=\"col-inner\"  >\n\t\t\t\n\t\t\t\n\n\t<div id=\"text-1339180860\" class=\"text mb-0 pb-0\">\n\t\t\n\n<h2>Aktualne novice<\/h2>\n\t\t\n<style>\n#text-1339180860 {\n  text-align: center;\n}\n<\/style>\n\t<\/div>\n\t\n\n\t\t<\/div>\n\t\t\t\t\t<\/div>\n\n\t\n\n<\/div>\n\n  \n    <div class=\"row large-columns-2 medium-columns- small-columns-1 slider row-slider slider-nav-simple slider-nav-push\"  data-flickity-options='{\"imagesLoaded\": true, \"groupCells\": \"100%\", \"dragThreshold\" : 5, \"cellAlign\": \"left\",\"wrapAround\": true,\"prevNextButtons\": true,\"percentPosition\": true,\"pageDots\": false, \"rightToLeft\": false, \"autoPlay\" : 5000}'>\n\n  <div class=\"col post-item\" >\n\t\t\t<div class=\"col-inner\">\n\t\t\t<a href=\"https:\/\/feb.si\/me\/blog\/2026\/04\/22\/eu-u-pripremi-pristupnog-ugovora-sa-crnom-gorom\/\" class=\"plain\">\n\t\t\t\t<div class=\"box box-normal box-text-bottom box-blog-post has-hover\">\n          \t\t\t\t\t<div class=\"box-text text-center is-large\" style=\"background-color:rgb(241, 241, 241);\">\n\t\t\t\t\t<div class=\"box-text-inner blog-post-inner\">\n\n\t\t\t\t\t\n\t\t\t\t\t\t\t\t\t\t<h5 class=\"post-title is-larger \">EU u pripremi pristupnog ugovora sa Crnom Gorom<\/h5>\n\t\t\t\t\t<div class=\"post-meta is-small op-8\">April 22, 2026<\/div>\t\t\t\t\t<div class=\"is-divider\"><\/div>\n\t\t\t\t\t                    \n\t\t\t\t\t\n\t\t\t\t\t\n\t\t\t\t\t<\/div>\n\t\t\t\t\t<\/div>\n\t\t\t\t\t\t\t\t\t<\/div>\n\t\t\t\t<\/a>\n\t\t\t<\/div>\n\t\t<\/div><div class=\"col post-item\" >\n\t\t\t<div class=\"col-inner\">\n\t\t\t<a href=\"https:\/\/feb.si\/me\/blog\/2026\/04\/21\/kos-upozorava-balkanske-drzave-da-bi-mogle-izgubiti-700-miliona-eura-ako-ne-sprovedu-reforme\/\" class=\"plain\">\n\t\t\t\t<div class=\"box box-normal box-text-bottom box-blog-post has-hover\">\n          \t\t\t\t\t<div class=\"box-text text-center is-large\" style=\"background-color:rgb(241, 241, 241);\">\n\t\t\t\t\t<div class=\"box-text-inner blog-post-inner\">\n\n\t\t\t\t\t\n\t\t\t\t\t\t\t\t\t\t<h5 class=\"post-title is-larger \">Kos upozorava: balkanske dr\u017eave bi mogle izgubiti 700 miliona eura ako ne sprovedu reforme<\/h5>\n\t\t\t\t\t<div class=\"post-meta is-small op-8\">April 21, 2026<\/div>\t\t\t\t\t<div class=\"is-divider\"><\/div>\n\t\t\t\t\t                    \n\t\t\t\t\t\n\t\t\t\t\t\n\t\t\t\t\t<\/div>\n\t\t\t\t\t<\/div>\n\t\t\t\t\t\t\t\t\t<\/div>\n\t\t\t\t<\/a>\n\t\t\t<\/div>\n\t\t<\/div><div class=\"col post-item\" >\n\t\t\t<div class=\"col-inner\">\n\t\t\t<a href=\"https:\/\/feb.si\/me\/blog\/2026\/02\/12\/kosovo-sa-novom-vladom-kurti-ostaje-premijer\/\" class=\"plain\">\n\t\t\t\t<div class=\"box box-normal box-text-bottom box-blog-post has-hover\">\n          \t\t\t\t\t<div class=\"box-text text-center is-large\" style=\"background-color:rgb(241, 241, 241);\">\n\t\t\t\t\t<div class=\"box-text-inner blog-post-inner\">\n\n\t\t\t\t\t\n\t\t\t\t\t\t\t\t\t\t<h5 class=\"post-title is-larger \">Kosovo sa novom vladom, Kurti ostaje premijer<\/h5>\n\t\t\t\t\t<div class=\"post-meta is-small op-8\">Februar 12, 2026<\/div>\t\t\t\t\t<div class=\"is-divider\"><\/div>\n\t\t\t\t\t                    \n\t\t\t\t\t\n\t\t\t\t\t\n\t\t\t\t\t<\/div>\n\t\t\t\t\t<\/div>\n\t\t\t\t\t\t\t\t\t<\/div>\n\t\t\t\t<\/a>\n\t\t\t<\/div>\n\t\t<\/div><div class=\"col post-item\" >\n\t\t\t<div class=\"col-inner\">\n\t\t\t<a href=\"https:\/\/feb.si\/me\/blog\/2025\/12\/09\/korupcija-i-institucije-ulazi-kroz-ukradene-izbore\/\" class=\"plain\">\n\t\t\t\t<div class=\"box box-normal box-text-bottom box-blog-post has-hover\">\n            \t\t\t\t\t<div class=\"box-image\" >\n  \t\t\t\t\t\t<div class=\"image-fade-out image-overlay-remove image-cover\" style=\"padding-top:56%;\">\n  \t\t\t\t\t\t\t<img loading=\"lazy\" decoding=\"async\" width=\"1020\" height=\"695\" src=\"https:\/\/feb.si\/me\/wp-content\/uploads\/sites\/2\/2025\/12\/branislav-borenovic2a-1024x698.jpg\" class=\"attachment-large size-large wp-post-image\" alt=\"\" srcset=\"https:\/\/feb.si\/me\/wp-content\/uploads\/sites\/2\/2025\/12\/branislav-borenovic2a-1024x698.jpg 1024w, https:\/\/feb.si\/me\/wp-content\/uploads\/sites\/2\/2025\/12\/branislav-borenovic2a-300x204.jpg 300w, https:\/\/feb.si\/me\/wp-content\/uploads\/sites\/2\/2025\/12\/branislav-borenovic2a-768x523.jpg 768w, https:\/\/feb.si\/me\/wp-content\/uploads\/sites\/2\/2025\/12\/branislav-borenovic2a.jpg 1192w\" sizes=\"(max-width: 1020px) 100vw, 1020px\" \/>  \t\t\t\t\t\t\t<div class=\"overlay\" style=\"background-color: rgba(0, 0, 0, 0.09)\"><\/div>  \t\t\t\t\t\t\t  \t\t\t\t\t\t<\/div>\n  \t\t\t\t\t\t  \t\t\t\t\t<\/div>\n          \t\t\t\t\t<div class=\"box-text text-center is-large\" style=\"background-color:rgb(241, 241, 241);\">\n\t\t\t\t\t<div class=\"box-text-inner blog-post-inner\">\n\n\t\t\t\t\t\n\t\t\t\t\t\t\t\t\t\t<h5 class=\"post-title is-larger \">Korupcija u institucije ulazi kroz ukradene izbore<\/h5>\n\t\t\t\t\t<div class=\"post-meta is-small op-8\">Decembar 9, 2025<\/div>\t\t\t\t\t<div class=\"is-divider\"><\/div>\n\t\t\t\t\t                    \n\t\t\t\t\t\n\t\t\t\t\t\n\t\t\t\t\t<\/div>\n\t\t\t\t\t<\/div>\n\t\t\t\t\t\t\t\t\t<\/div>\n\t\t\t\t<\/a>\n\t\t\t<\/div>\n\t\t<\/div><\/div>\n\n\n\t\t<\/div>\n\t\t\t\t\t<\/div>\n\n\t\n\n<\/div>\n\n\t\t<\/div>\n\n\t\t\n<style>\n#section_1925850520 {\n  padding-top: 30px;\n  padding-bottom: 30px;\n}\n#section_1925850520 .ux-shape-divider--top svg {\n  height: 150px;\n  --divider-top-width: 100%;\n}\n#section_1925850520 .ux-shape-divider--bottom svg {\n  height: 150px;\n  --divider-width: 100%;\n}\n@media (min-width:550px) {\n  #section_1925850520 {\n    padding-top: 30px;\n    padding-bottom: 30px;\n  }\n}\n<\/style>\n\t<\/section>\n\t\n\t<section class=\"section\" id=\"section_575283256\">\n\t\t<div class=\"bg section-bg fill bg-fill  bg-loaded\" >\n\n\t\t\t\n\t\t\t\n\t\t\t\n\t<div class=\"is-border\"\n\t\tstyle=\"border-color:rgb(216, 174, 94);border-width:1px 0px 0px 0px;\">\n\t<\/div>\n\n\t\t<\/div>\n\n\t\t\n\n\t\t<div class=\"section-content relative\">\n\t\t\t\n\n<div class=\"row\"  id=\"row-1006005387\">\n\n\n\t<div id=\"col-1334768370\" class=\"col small-12 large-12\"  >\n\t\t\t\t<div class=\"col-inner text-center\"  >\n\t\t\t\n\t\t\t\n\n<h2>Sledite nam na Twitterju<\/h2>\n<h3 style=\"margin-top:-20px;\">in na ostalih dru\u017ebenih omre\u017ejih<\/h3>\n<p>Spremljajte nas preko razli\u010dnih kanalov ter ostanite povezani z nami.<br \/>\nPrena\u0161amo verodostojne informacije o povezovanju tega dela regije z Evropsko Unijo.<br \/>\n\u010ce bi nam radi poslali va\u0161 prispevek, komentar, ali se v\u010dlanili na na\u0161o e-mail listo, nam pi\u0161ite na info@feb.si\/me. Veseli bomo va\u0161ih odzivov.<\/p>\n<div class=\"social-icons follow-icons\" style=\"font-size:135%\"><a href=\"https:\/\/twitter.com\/ForumFEB\" target=\"_blank\" data-label=\"Twitter\" rel=\"noopener noreferrer nofollow\" class=\"icon plain  twitter tooltip\" title=\"Follow on Twitter\" aria-label=\"Follow on Twitter\"><i class=\"icon-twitter\" ><\/i><\/a><a href=\"mailto:info@feb.si\/me\" data-label=\"E-mail\" rel=\"nofollow\" class=\"icon plain  email tooltip\" title=\"Send us an email\" aria-label=\"Send us an email\"><i class=\"icon-envelop\" ><\/i><\/a><\/div>\n\n\t\t<div class=\"hidden\">\n\t\t\t\t\n\n\n<!-- Custom Twitter Feeds by Smash Balloon -->\n<div id=\"ctf\" class=\" ctf ctf-type-hometimeline ctf-feed-3  ctf-styles ctf-list ctf-boxed-style\"   data-ctfshortcode=\"{&quot;feed&quot;:&quot;3&quot;}\"   data-ctfdisablelinks=\"false\" data-ctflinktextcolor=\"#\" data-boxshadow=\"true\" data-header-size=\"small\" data-feedid=\"3\" data-postid=\"3214\"  data-feed=\"3\" data-ctfintents=\"1\"  data-ctfneeded=\"4\">\n            <div id=\"ctf\" class=\"ctf\">\n            <div class=\"ctf-error\">\n                <div class=\"ctf-error-user\">\n\t\t\t\t\tTwitter feed is not available at the moment.                <\/div>\n            <\/div>\n        <\/div>\n\t\t    <div class=\"ctf-tweets\">\n   \t\t    <\/div>\n    \n<\/div>\n\n\t\t<\/div>\n\t\n\n\t\t<\/div>\n\t\t\t\t\t<\/div>\n\n\t\n\n<\/div>\n\n\t\t<\/div>\n\n\t\t\n<style>\n#section_575283256 {\n  padding-top: 60px;\n  padding-bottom: 60px;\n}\n#section_575283256 .ux-shape-divider--top svg {\n  height: 150px;\n  --divider-top-width: 100%;\n}\n#section_575283256 .ux-shape-divider--bottom svg {\n  height: 150px;\n  --divider-width: 100%;\n}\n<\/style>\n\t<\/section>\n\t\n\t<section class=\"section\" id=\"section_406207551\">\n\t\t<div class=\"bg section-bg fill bg-fill  bg-loaded\" >\n\n\t\t\t\n\t\t\t\n\t\t\t\n\n\t\t<\/div>\n\n\t\t\n\n\t\t<div class=\"section-content relative\">\n\t\t\t\n\n<div class=\"row align-middle\"  id=\"row-409816288\">\n\n\n\t<div id=\"col-21326031\" class=\"col medium-6 small-12 large-6\"  data-animate=\"fadeInLeft\">\n\t\t\t\t<div class=\"col-inner\"  >\n\t\t\t\n\t\t\t\n\n<h3>O nas<\/h3>\n<h2 class=\"uppercase\">Forum za evropski balkan<\/h2>\n<p>Forum za evropski Balkan (FEB) se posve\u010da problematiki \u0161iritvene politike EU.<\/p>\n<a href=\"\/o-nas#poslanstvo\" target=\"_self\" class=\"button secondary is-outline\"  >\n    <span>NA\u0160E POSLANSTVO<\/span>\n  <\/a>\n\n\n<a href=\"\/o-nas#svet\" target=\"_self\" class=\"button secondary is-outline\"  >\n    <span>svet<\/span>\n  <\/a>\n\n\n<a href=\"\/o-nas#kontakt\" target=\"_self\" class=\"button secondary is-outline\"  >\n    <span>kontakt<\/span>\n  <\/a>\n\n\n\n\t\t<\/div>\n\t\t\t\t\t<\/div>\n\n\t\n\n\t<div id=\"col-839629753\" class=\"col medium-6 small-12 large-6\"  >\n\t\t\t\t<div class=\"col-inner\"  >\n\t\t\t\n\t\t\t\n\n\t<div class=\"img has-hover x md-x lg-x y md-y lg-y\" id=\"image_1167932198\">\n\t\t\t\t\t\t<div data-animate=\"fadeInRight\">\t\t<div class=\"img-inner dark\" >\n\t\t\t<img loading=\"lazy\" decoding=\"async\" width=\"534\" height=\"471\" src=\"https:\/\/feb.si\/me\/wp-content\/uploads\/sites\/2\/2023\/02\/Rectangle-19.jpg\" class=\"attachment-large size-large\" alt=\"\" srcset=\"https:\/\/feb.si\/me\/wp-content\/uploads\/sites\/2\/2023\/02\/Rectangle-19.jpg 534w, https:\/\/feb.si\/me\/wp-content\/uploads\/sites\/2\/2023\/02\/Rectangle-19-300x265.jpg 300w\" sizes=\"(max-width: 534px) 100vw, 534px\" \/>\t\t\t\t\t\t\n\t\t\t\t\t<\/div>\n\t\t<\/div>\t\t\t\t\t\t\n<style>\n#image_1167932198 {\n  width: 100%;\n}\n<\/style>\n\t<\/div>\n\t\n\n\n\t\t<\/div>\n\t\t\t\t\t<\/div>\n\n\t\n\n<\/div>\n<div class=\"row align-middle\"  id=\"row-2081701139\">\n\n\n\t<div id=\"col-1711804092\" class=\"col medium-6 small-12 large-6\"  >\n\t\t\t\t<div class=\"col-inner\"  >\n\t\t\t\n\t\t\t\n\n\t<div class=\"img has-hover x md-x lg-x y md-y lg-y\" id=\"image_235035242\">\n\t\t\t\t\t\t<div data-animate=\"fadeInLeft\">\t\t<div class=\"img-inner dark\" >\n\t\t\t<img loading=\"lazy\" decoding=\"async\" width=\"534\" height=\"471\" src=\"https:\/\/feb.si\/me\/wp-content\/uploads\/sites\/2\/2023\/02\/Rectangle-22.jpg\" class=\"attachment-large size-large\" alt=\"\" srcset=\"https:\/\/feb.si\/me\/wp-content\/uploads\/sites\/2\/2023\/02\/Rectangle-22.jpg 534w, https:\/\/feb.si\/me\/wp-content\/uploads\/sites\/2\/2023\/02\/Rectangle-22-300x265.jpg 300w\" sizes=\"(max-width: 534px) 100vw, 534px\" \/>\t\t\t\t\t\t\n\t\t\t\t\t<\/div>\n\t\t<\/div>\t\t\t\t\t\t\n<style>\n#image_235035242 {\n  width: 100%;\n}\n<\/style>\n\t<\/div>\n\t\n\n\n\t\t<\/div>\n\t\t\t\t\n<style>\n#col-1711804092 > .col-inner {\n  padding: 10px 0px 0px 0px;\n}\n<\/style>\n\t<\/div>\n\n\t\n\n\t<div id=\"col-94868936\" class=\"col medium-6 small-12 large-6 small-col-first\"  data-animate=\"fadeInRight\">\n\t\t\t\t<div class=\"col-inner\"  >\n\t\t\t\n\t\t\t\n\n<h2>Dogodki<\/h2>\n<p>Forum za evropski Balkan (FEB) organizira panelne razprave na katerih sodelujejo razli\u010dni strokovnjaki iz regije in EU. Osnovni cilj javnih dialogov je poglobitev zanimanja javnosti za aktualne teme, ki nakazujejo na potrebo nadaljnjih evropskih integracij &#8211; v sredi\u0161\u010du pozornosti ostaja namre\u010d vpra\u0161anje evropskih integracij za strokovnjake FEB.<\/p>\n<a href=\"https:\/\/feb.si\/me\/blog\/category\/dogodki\/predstojeci-dogodki\/\" target=\"_self\" class=\"button secondary\"  >\n    <span>prihajajo\u010di dogodki<\/span>\n  <\/a>\n\n\n<a href=\"https:\/\/feb.si\/me\/blog\/category\/dogodki\/pretekli-dogodki\/\" target=\"_self\" class=\"button secondary is-outline\"  >\n    <span>pretekli dogodki<\/span>\n  <\/a>\n\n\n\n\t\t<\/div>\n\t\t\t\t\t<\/div>\n\n\t\n\n<\/div>\n\n\t\t<\/div>\n\n\t\t\n<style>\n#section_406207551 {\n  padding-top: 20px;\n  padding-bottom: 20px;\n}\n#section_406207551 .ux-shape-divider--top svg {\n  height: 150px;\n  --divider-top-width: 100%;\n}\n#section_406207551 .ux-shape-divider--bottom svg {\n  height: 150px;\n  --divider-width: 100%;\n}\n@media (min-width:550px) {\n  #section_406207551 {\n    padding-top: 0px;\n    padding-bottom: 0px;\n  }\n}\n<\/style>\n\t<\/section>\n\t\n\t<section class=\"section\" id=\"section_1293337801\">\n\t\t<div class=\"bg section-bg fill bg-fill  bg-loaded\" >\n\n\t\t\t\n\t\t\t\n\t\t\t\n\n\t\t<\/div>\n\n\t\t\n\n\t\t<div class=\"section-content relative\">\n\t\t\t\n\n<div class=\"text-center\"><div class=\"is-divider divider clearfix\" style=\"max-width:80%;background-color:rgb(216, 174, 94);\"><\/div><\/div>\n\n<div class=\"row align-center\"  id=\"row-1251800970\">\n\n\n\t<div id=\"col-809176438\" class=\"col pb-0 small-12 large-12\"  >\n\t\t\t\t<div class=\"col-inner text-center\"  >\n\t\t\t\n\t\t\t\n\n\t<div id=\"text-1502196992\" class=\"text\">\n\t\t\n\n<h2>Prijavite se na novice<\/h2>\n<p>Zadnje novice, obvestila, \u010dlanki poslani direktno v va\u0161 e-po\u0161tni predal.<\/p>\n\t\t\n<style>\n#text-1502196992 {\n  text-align: center;\n}\n<\/style>\n\t<\/div>\n\t\n\n\t\t<\/div>\n\t\t\t\t\n<style>\n#col-809176438 > .col-inner {\n  padding: 20px 0px 0px 0px;\n}\n<\/style>\n\t<\/div>\n\n\t\n\n\t<div id=\"col-1802227131\" class=\"col medium-10 small-12 large-10\"  >\n\t\t\t\t<div class=\"col-inner\"  >\n\t\t\t\n\t\t\t\n\n\n\n<script>(function() {\n\twindow.mc4wp = window.mc4wp || {\n\t\tlisteners: [],\n\t\tforms: {\n\t\t\ton: function(evt, cb) {\n\t\t\t\twindow.mc4wp.listeners.push(\n\t\t\t\t\t{\n\t\t\t\t\t\tevent   : evt,\n\t\t\t\t\t\tcallback: cb\n\t\t\t\t\t}\n\t\t\t\t);\n\t\t\t}\n\t\t}\n\t}\n})();\n<\/script><!-- Mailchimp for WordPress v4.9.17 - https:\/\/wordpress.org\/plugins\/mailchimp-for-wp\/ --><form id=\"mc4wp-form-1\" class=\"mc4wp-form mc4wp-form-257\" method=\"post\" data-id=\"257\" data-name=\"\" ><div class=\"mc4wp-form-fields\">\t<div style=\"display:flex; justify-content: space-between;\">\r\n    <input style=\"width:49%;\"type=\"text\" name=\"FNAME\" placeholder=\"Ime\" required>\r\n\t<input style=\"width:49%;\"t type=\"text\" name=\"LNAME\" placeholder=\"Priimek\" required>\r\n\t<\/div>\r\n\t<input type=\"email\" name=\"EMAIL\" placeholder=\"Va\u0161 e-mail naslov\" required \/>\r\n\r\n<p style=\"text-align:center;\">\r\n\t<input type=\"submit\" style=\"margin: 0;background:white; color:black;border: 2px solid #d8ae5e !important;\" value=\"Prijavi se\" \/>\r\n<\/p><\/div><label style=\"display: none !important;\">Leave this field empty if you're human: <input type=\"text\" name=\"_mc4wp_honeypot\" value=\"\" tabindex=\"-1\" autocomplete=\"off\" \/><\/label><input type=\"hidden\" name=\"_mc4wp_timestamp\" value=\"1777575642\" \/><input type=\"hidden\" name=\"_mc4wp_form_id\" value=\"257\" \/><input type=\"hidden\" name=\"_mc4wp_form_element_id\" value=\"mc4wp-form-1\" \/><div class=\"mc4wp-response\"><\/div><\/form><!-- \/ Mailchimp for WordPress Plugin -->\n\n\n\t\t<\/div>\n\t\t\t\t\t<\/div>\n\n\t\n\n<\/div>\n\n\t\t<\/div>\n\n\t\t\n<style>\n#section_1293337801 {\n  padding-top: 30px;\n  padding-bottom: 30px;\n}\n#section_1293337801 .ux-shape-divider--top svg {\n  height: 150px;\n  --divider-top-width: 100%;\n}\n#section_1293337801 .ux-shape-divider--bottom svg {\n  height: 150px;\n  --divider-width: 100%;\n}\n<\/style>\n\t<\/section>\n\t\n\n","protected":false},"excerpt":{"rendered":"","protected":false},"author":1,"featured_media":0,"parent":0,"menu_order":0,"comment_status":"closed","ping_status":"open","template":"page-blank.php","meta":{"footnotes":""},"class_list":["post-2","page","type-page","status-publish","hentry"],"_links":{"self":[{"href":"https:\/\/feb.si\/me\/wp-json\/wp\/v2\/pages\/2"}],"collection":[{"href":"https:\/\/feb.si\/me\/wp-json\/wp\/v2\/pages"}],"about":[{"href":"https:\/\/feb.si\/me\/wp-json\/wp\/v2\/types\/page"}],"author":[{"embeddable":true,"href":"https:\/\/feb.si\/me\/wp-json\/wp\/v2\/users\/1"}],"replies":[{"embeddable":true,"href":"https:\/\/feb.si\/me\/wp-json\/wp\/v2\/comments?post=2"}],"version-history":[{"count":85,"href":"https:\/\/feb.si\/me\/wp-json\/wp\/v2\/pages\/2\/revisions"}],"predecessor-version":[{"id":2049,"href":"https:\/\/feb.si\/me\/wp-json\/wp\/v2\/pages\/2\/revisions\/2049"}],"wp:attachment":[{"href":"https:\/\/feb.si\/me\/wp-json\/wp\/v2\/media?parent=2"}],"curies":[{"name":"wp","href":"https:\/\/api.w.org\/{rel}","templated":true}]}}