{"id":97,"date":"2023-02-21T16:30:28","date_gmt":"2023-02-21T16:30:28","guid":{"rendered":"http:\/\/feb.si\/me\/?page_id=97"},"modified":"2024-12-03T11:43:13","modified_gmt":"2024-12-03T11:43:13","slug":"o-nas","status":"publish","type":"page","link":"https:\/\/feb.si\/me\/o-nas\/","title":{"rendered":"O nama"},"content":{"rendered":"\n\t<section class=\"section\" id=\"section_1189558181\">\n\t\t<div class=\"bg section-bg fill bg-fill  bg-loaded\" >\n\n\t\t\t\n\t\t\t\n\t\t\t\n\n\t\t<\/div>\n\n\t\t\n\n\t\t<div class=\"section-content relative\">\n\t\t\t\n\n<div class=\"row row-full-width\"  id=\"row-1925113694\">\n\n\n\t<div id=\"col-1328900374\" class=\"col small-12 large-12\"  >\n\t\t\t\t<div class=\"col-inner\"  >\n\t\t\t\n\t\t\t\n\n  <div id=\"page-header-1178578289\" class=\"page-header-wrapper\">\n  <div class=\"page-title section-banner o-nas dark featured-title\">\n\n        <div class=\"page-title-bg\">\n      <div class=\"title-bg fill bg-fill\"\n        data-parallax-container=\".page-title\"\n        data-parallax-background\n        data-parallax=\"-\">\n      <\/div>\n      <div class=\"title-overlay fill\"><\/div>\n    <\/div>\n    \n    <div class=\"page-title-inner container align-bottom flex-row medium-flex-wrap\" >\n              <div class=\"title-wrapper flex-col text-left medium-text-center\">\n          <h1 class=\"entry-title mb-0\">\n            O nama          <\/h1>\n        <\/div>\n                    <div class=\"title-content flex-col flex-right text-right medium-text-center\">\n        <div class=\"title-share pt-half pb-half\"><div class=\"social-icons share-icons share-row relative\" ><a href=\"https:\/\/twitter.com\/share?url=https:\/\/feb.si\/me\/o-nas\/\" onclick=\"window.open(this.href,this.title,'width=500,height=500,top=300px,left=300px');  return false;\" rel=\"noopener noreferrer nofollow\" target=\"_blank\" class=\"icon button circle is-outline tooltip twitter\" title=\"Share on Twitter\" aria-label=\"Share on Twitter\"><i class=\"icon-twitter\" ><\/i><\/a><a href=\"mailto:enteryour@addresshere.com?subject=O%20nama&amp;body=Check%20this%20out:%20https:\/\/feb.si\/me\/o-nas\/\" rel=\"nofollow\" class=\"icon button circle is-outline tooltip email\" title=\"Email to a Friend\" aria-label=\"Email to a Friend\"><i class=\"icon-envelop\" ><\/i><\/a><a href=\"https:\/\/www.linkedin.com\/shareArticle?mini=true&url=https:\/\/feb.si\/me\/o-nas\/&title=O%20nama\" onclick=\"window.open(this.href,this.title,'width=500,height=500,top=300px,left=300px');  return false;\"  rel=\"noopener noreferrer nofollow\" target=\"_blank\" class=\"icon button circle is-outline tooltip linkedin\" title=\"Share on LinkedIn\" aria-label=\"Share on LinkedIn\"><i class=\"icon-linkedin\" ><\/i><\/a><\/div><\/div>      <\/div>\n    <\/div>\n\n     \n<style>\n#page-header-1178578289 .page-title-inner {\n  min-height: 250px;\n}\n#page-header-1178578289 .title-bg {\n  background-image: url(https:\/\/feb.si\/me\/wp-content\/uploads\/sites\/2\/2023\/02\/Rectangle-22.jpg);\n  background-position: 39% 52%;\n}\n#page-header-1178578289 .title-overlay {\n  background-color: rgba(0, 0, 0, 0.605);\n}\n<\/style>\n  <\/div>\n    <\/div>\n  \n\n\n\t\t<\/div>\n\t\t\t\t\t<\/div>\n\n\t\n\n<\/div>\n\n\t\t<\/div>\n\n\t\t\n<style>\n#section_1189558181 {\n  padding-top: 0px;\n  padding-bottom: 0px;\n}\n#section_1189558181 .ux-shape-divider--top svg {\n  height: 150px;\n  --divider-top-width: 100%;\n}\n#section_1189558181 .ux-shape-divider--bottom svg {\n  height: 150px;\n  --divider-width: 100%;\n}\n<\/style>\n\t<\/section>\n\t\n\t<section class=\"section\" id=\"section_1998403296\">\n\t\t<div class=\"bg section-bg fill bg-fill  bg-loaded\" >\n\n\t\t\t\n\t\t\t\n\t\t\t\n\n\t\t<\/div>\n\n\t\t\n\n\t\t<div class=\"section-content relative\">\n\t\t\t\n\n<div class=\"row\"  id=\"row-112236552\">\n\n\n\t<div id=\"col-1978735759\" class=\"col pb-0 small-12 large-12\"  >\n\t\t\t\t<div class=\"col-inner text-center\"  >\n\t\t\t\n\t\t\t\n\n<a href=\"#strokovni-svet\" target=\"_self\" class=\"button secondary is-underline\"  >\n    <span>Stru\u010dni savjet<\/span>\n  <\/a>\n\n\n<a href=\"#poslanstvo\" target=\"_self\" class=\"button secondary is-underline\"  >\n    <span>Misija<\/span>\n  <\/a>\n\n\n\n\t\t<\/div>\n\t\t\t\t\t<\/div>\n\n\t\n\n<\/div>\n\n\t\t<\/div>\n\n\t\t\n<style>\n#section_1998403296 {\n  padding-top: 0px;\n  padding-bottom: 0px;\n}\n#section_1998403296 .ux-shape-divider--top svg {\n  height: 150px;\n  --divider-top-width: 100%;\n}\n#section_1998403296 .ux-shape-divider--bottom svg {\n  height: 150px;\n  --divider-width: 100%;\n}\n<\/style>\n\t<\/section>\n\t\n<span class=\"scroll-to\" data-label=\"Scroll to: #svet\" data-bullet=\"false\" data-link=\"#svet\" data-title=\"Svet\"><a name=\"svet\"><\/a><\/span>\n\n\n<span class=\"scroll-to\" data-label=\"Scroll to: #strokovni-svet\" data-bullet=\"false\" data-link=\"#strokovni-svet\" data-title=\"Strokovni svet\"><a name=\"strokovni-svet\"><\/a><\/span>\n\n\t<section class=\"section\" id=\"section_183128043\">\n\t\t<div class=\"bg section-bg fill bg-fill  bg-loaded\" >\n\n\t\t\t\n\t\t\t\n\t\t\t\n\n\t\t<\/div>\n\n\t\t\n\n\t\t<div class=\"section-content relative\">\n\t\t\t\n\n<div class=\"row align-center\"  id=\"row-677914833\">\n\n\n\t<div id=\"col-207312520\" class=\"col medium-11 small-12 large-11\"  >\n\t\t\t\t<div class=\"col-inner\"  >\n\t\t\t\n\t\t\t\n\n\t<div id=\"text-1293929541\" class=\"text\">\n\t\t\n\n<h2>Stru\u010dni savjet<\/h2>\n<p>Upoznajte \u010dlanove stru\u010dnog savjeta Foruma za evropski Balkan:<\/p>\n\t\t\n<style>\n#text-1293929541 {\n  text-align: center;\n}\n<\/style>\n\t<\/div>\n\t\n\n\t\t<\/div>\n\t\t\t\t\t<\/div>\n\n\t\n\n\t<div id=\"col-36428030\" class=\"col medium-5 small-6 large-5\"  >\n\t\t\t\t<div class=\"col-inner\"  >\n\t\t\t\n\t\t\t\n\n    <div class=\"box has-hover has-hover box-default box-text-bottom\" >\n\n                  <div class=\"box-image \" style=\"width:80%;\">\n           <div class=\"box-image-inner image-cover\" style=\"border-radius:100%;padding-top:100%;\">\n              <img loading=\"lazy\" decoding=\"async\" width=\"1080\" height=\"1080\" src=\"https:\/\/feb.si\/me\/wp-content\/uploads\/sites\/2\/2024\/12\/FEB-logo.png\" class=\"attachment-original size-original\" alt=\"\" srcset=\"https:\/\/feb.si\/me\/wp-content\/uploads\/sites\/2\/2024\/12\/FEB-logo.png 1080w, https:\/\/feb.si\/me\/wp-content\/uploads\/sites\/2\/2024\/12\/FEB-logo-300x300.png 300w, https:\/\/feb.si\/me\/wp-content\/uploads\/sites\/2\/2024\/12\/FEB-logo-1024x1024.png 1024w, https:\/\/feb.si\/me\/wp-content\/uploads\/sites\/2\/2024\/12\/FEB-logo-150x150.png 150w, https:\/\/feb.si\/me\/wp-content\/uploads\/sites\/2\/2024\/12\/FEB-logo-768x768.png 768w\" sizes=\"(max-width: 1080px) 100vw, 1080px\" \/>                         <\/div>\n          <\/div>\n         \n          <div class=\"box-text text-center is-large\" >\n                <div class=\"box-text-inner\">\n                  <h4 class=\"uppercase\">\n                    <span class=\"person-name\">Mitja Mo\u010dnik<\/span><br\/>\n                    <span class=\"person-title is-small thin-font op-7\">\n                      Ambasador                    <\/span>\n                  <\/h4>\n                 <div class=\"social-icons follow-icons\" ><a href=\"https:\/\/www.linkedin.com\/in\/mitja-mocnik-63ab0432\/\" target=\"_blank\" rel=\"noopener noreferrer nofollow\" data-label=\"LinkedIn\" class=\"icon plain  linkedin tooltip\" title=\"Follow on LinkedIn\" aria-label=\"Follow on LinkedIn\"><i class=\"icon-linkedin\" ><\/i><\/a><\/div>                 \n\n<a href=\"#mocnik-vec\" target=\"_self\" class=\"button secondary is-underline expand\"  >\n    <span>Ve\u010d<\/span>\n  <i class=\"icon-angle-right\" aria-hidden=\"true\" ><\/i><\/a>\n\n\n\n                <\/div>\n          <\/div>\n    <\/div>\n\n\t\n    \n\n\n\t<div id=\"mocnik-vec\"\n\t     class=\"lightbox-by-id lightbox-content mfp-hide lightbox-white \"\n\t     style=\"max-width:600px ;padding:20px\">\n\t\t<p>\n<\/p>\t<\/div>\n\t\n\t\n\n\n\t\t<\/div>\n\t\t\t\t\t<\/div>\n\n\t\n\n\t<div id=\"col-1950855108\" class=\"col medium-5 small-6 large-5\"  >\n\t\t\t\t<div class=\"col-inner\"  >\n\t\t\t\n\t\t\t\n\n    <div class=\"box has-hover has-hover box-default box-text-bottom\" >\n\n                  <div class=\"box-image \" style=\"width:80%;\">\n           <div class=\"box-image-inner image-cover\" style=\"border-radius:100%;padding-top:100%;\">\n              <img loading=\"lazy\" decoding=\"async\" width=\"2560\" height=\"2405\" src=\"https:\/\/feb.si\/me\/wp-content\/uploads\/sites\/2\/2023\/06\/Mazi-slike-scaled.jpg\" class=\"attachment-original size-original\" alt=\"\" srcset=\"https:\/\/feb.si\/me\/wp-content\/uploads\/sites\/2\/2023\/06\/Mazi-slike-scaled.jpg 2560w, https:\/\/feb.si\/me\/wp-content\/uploads\/sites\/2\/2023\/06\/Mazi-slike-300x282.jpg 300w, https:\/\/feb.si\/me\/wp-content\/uploads\/sites\/2\/2023\/06\/Mazi-slike-1024x962.jpg 1024w, https:\/\/feb.si\/me\/wp-content\/uploads\/sites\/2\/2023\/06\/Mazi-slike-768x722.jpg 768w, https:\/\/feb.si\/me\/wp-content\/uploads\/sites\/2\/2023\/06\/Mazi-slike-1536x1443.jpg 1536w, https:\/\/feb.si\/me\/wp-content\/uploads\/sites\/2\/2023\/06\/Mazi-slike-2048x1924.jpg 2048w\" sizes=\"(max-width: 2560px) 100vw, 2560px\" \/>                         <\/div>\n          <\/div>\n         \n          <div class=\"box-text text-center is-large\" >\n                <div class=\"box-text-inner\">\n                  <h4 class=\"uppercase\">\n                    <span class=\"person-name\">ZEF MAZI<\/span><br\/>\n                    <span class=\"person-title is-small thin-font op-7\">\n                      Albanski diplomat                    <\/span>\n                  <\/h4>\n                 <div class=\"social-icons follow-icons\" ><a href=\"https:\/\/www.linkedin.com\/in\/zefmazi\/\" target=\"_blank\" rel=\"noopener noreferrer nofollow\" data-label=\"LinkedIn\" class=\"icon plain  linkedin tooltip\" title=\"Follow on LinkedIn\" aria-label=\"Follow on LinkedIn\"><i class=\"icon-linkedin\" ><\/i><\/a><\/div>                 \n\n<a href=\"#zef-mazi-vec\" target=\"_self\" class=\"button secondary is-underline expand\"  >\n    <span>Ve\u010d<\/span>\n  <i class=\"icon-angle-right\" aria-hidden=\"true\" ><\/i><\/a>\n\n\n\n                <\/div>\n          <\/div>\n    <\/div>\n\n\t\n    \n\n\n\t<div id=\"zef-mazi-vec\"\n\t     class=\"lightbox-by-id lightbox-content mfp-hide lightbox-white \"\n\t     style=\"max-width:600px ;padding:20px\">\n\t\t<p>Zef Mazi (ro\u0111en 27. januara 1956.) je albanski diplomata, ambasador koji je bio glavni pregovara\u010d Albanije sa Evropskom unijom u periodu 2020-2022. Prije toga je bio specijalni pomo\u0107nik generalnog direktora za strategiju u Me\u0111unarodnoj agenciji za atomsku energiju (IAEA) od 2011. do 2018. godine, gdje je bio odgovoran za formulisanje, planiranje i implementaciju strategije u cijeloj agenciji, kao i za upravljanje rizicima i znanjem.\n<\/p>\t<\/div>\n\t\n\t\n\n\n\t\t<\/div>\n\t\t\t\t\t<\/div>\n\n\t\n\n\t<div id=\"col-548624883\" class=\"col medium-5 small-6 large-5\"  >\n\t\t\t\t<div class=\"col-inner\"  >\n\t\t\t\n\t\t\t\n\n    <div class=\"box has-hover has-hover box-default box-text-bottom\" >\n\n                  <div class=\"box-image \" style=\"width:80%;\">\n           <div class=\"box-image-inner image-cover\" style=\"border-radius:100%;padding-top:100%;\">\n              <img loading=\"lazy\" decoding=\"async\" width=\"800\" height=\"800\" src=\"https:\/\/feb.si\/me\/wp-content\/uploads\/sites\/2\/2023\/03\/radojicic.jpeg\" class=\"attachment-original size-original\" alt=\"\" srcset=\"https:\/\/feb.si\/me\/wp-content\/uploads\/sites\/2\/2023\/03\/radojicic.jpeg 800w, https:\/\/feb.si\/me\/wp-content\/uploads\/sites\/2\/2023\/03\/radojicic-300x300.jpeg 300w, https:\/\/feb.si\/me\/wp-content\/uploads\/sites\/2\/2023\/03\/radojicic-150x150.jpeg 150w, https:\/\/feb.si\/me\/wp-content\/uploads\/sites\/2\/2023\/03\/radojicic-768x768.jpeg 768w\" sizes=\"(max-width: 800px) 100vw, 800px\" \/>                         <\/div>\n          <\/div>\n         \n          <div class=\"box-text text-center is-large\" >\n                <div class=\"box-text-inner\">\n                  <h4 class=\"uppercase\">\n                    <span class=\"person-name\">IGOR RADOJI\u010cI\u0106<\/span><br\/>\n                    <span class=\"person-title is-small thin-font op-7\">\n                      bosansko-srbski politik                    <\/span>\n                  <\/h4>\n                 <div class=\"social-icons follow-icons\" ><a href=\"https:\/\/www.linkedin.com\/in\/igor-radoji%C4%8Di%C4%87-0378a0249\/\" target=\"_blank\" rel=\"noopener noreferrer nofollow\" data-label=\"LinkedIn\" class=\"icon plain  linkedin tooltip\" title=\"Follow on LinkedIn\" aria-label=\"Follow on LinkedIn\"><i class=\"icon-linkedin\" ><\/i><\/a><\/div>                 \n\n<a href=\"#radojcic-vec\" target=\"_self\" class=\"button secondary is-underline expand\"  >\n    <span>ve\u010d<\/span>\n  <i class=\"icon-angle-right\" aria-hidden=\"true\" ><\/i><\/a>\n\n\n\n                <\/div>\n          <\/div>\n    <\/div>\n\n\t\n    \n\n\n\t<div id=\"radojcic-vec\"\n\t     class=\"lightbox-by-id lightbox-content mfp-hide lightbox-white \"\n\t     style=\"max-width:600px ;padding:20px\">\n\t\t<p>Igor Radoji\u010di\u0107 (ro\u0111en 13. septembra 1966.) je srpski politi\u010dar iz Bosne koji je bio gradona\u010delnik Banjaluke od 2016. do 2020. godine. Bio je i 5. predsjednik Narodne skup\u0161tine Republike Srpske. Osim toga, nakon smrti predsjednika Milana Jeli\u0107a, od 1. oktobra 2007. do 28. decembra 2007. godine bio je vr\u0161ilac du\u017enosti predsjednika Republike Srpske. Radoji\u010di\u0107 je diplomirani in\u017eenjer elektrotehnike.\n<\/p>\t<\/div>\n\t\n\t\n\n\n\t\t<\/div>\n\t\t\t\t\t<\/div>\n\n\t\n\n\t<div id=\"col-1028748797\" class=\"col medium-5 small-6 large-5\"  >\n\t\t\t\t<div class=\"col-inner\"  >\n\t\t\t\n\t\t\t\n\n    <div class=\"box has-hover has-hover box-default box-text-bottom\" >\n\n                  <div class=\"box-image \" style=\"width:80%;\">\n           <div class=\"box-image-inner image-cover\" style=\"border-radius:100%;padding-top:100%;\">\n              <img loading=\"lazy\" decoding=\"async\" width=\"2560\" height=\"1707\" src=\"https:\/\/feb.si\/me\/wp-content\/uploads\/sites\/2\/2023\/09\/Lopandic-scaled.jpg\" class=\"attachment-original size-original\" alt=\"\" srcset=\"https:\/\/feb.si\/me\/wp-content\/uploads\/sites\/2\/2023\/09\/Lopandic-scaled.jpg 2560w, https:\/\/feb.si\/me\/wp-content\/uploads\/sites\/2\/2023\/09\/Lopandic-300x200.jpg 300w, https:\/\/feb.si\/me\/wp-content\/uploads\/sites\/2\/2023\/09\/Lopandic-1024x683.jpg 1024w, https:\/\/feb.si\/me\/wp-content\/uploads\/sites\/2\/2023\/09\/Lopandic-768x512.jpg 768w, https:\/\/feb.si\/me\/wp-content\/uploads\/sites\/2\/2023\/09\/Lopandic-1536x1024.jpg 1536w, https:\/\/feb.si\/me\/wp-content\/uploads\/sites\/2\/2023\/09\/Lopandic-2048x1366.jpg 2048w\" sizes=\"(max-width: 2560px) 100vw, 2560px\" \/>                         <\/div>\n          <\/div>\n         \n          <div class=\"box-text text-center is-large\" >\n                <div class=\"box-text-inner\">\n                  <h4 class=\"uppercase\">\n                    <span class=\"person-name\">prof. dr Du\u0161ko Lopandi\u0107<\/span><br\/>\n                    <span class=\"person-title is-small thin-font op-7\">\n                                          <\/span>\n                  <\/h4>\n                                  \n\n<a href=\"#lopandic-vec\" target=\"_self\" class=\"button secondary is-underline expand\"  >\n    <span>ve\u010d<\/span>\n  <i class=\"icon-angle-right\" aria-hidden=\"true\" ><\/i><\/a>\n\n\n\n                <\/div>\n          <\/div>\n    <\/div>\n\n\t\n    \n\n\n\t<div id=\"lopandic-vec\"\n\t     class=\"lightbox-by-id lightbox-content mfp-hide lightbox-white \"\n\t     style=\"max-width:600px ;padding:20px\">\n\t\t<p>Dr Du\u0161ko Lopandi\u0107 zavr\u0161io je Pravni fakultet u Beogradu. Magistrirao je iz oblasti evropskog prava i me\u0111unarodnih trgovinskih odnosa i privatnog prava, a zatim doktorirao (1984) na Univerzitetu Paris I (Pantheon-Sorbonne) iz oblasti evropskog prava. Njegov doktorat je objavljen u Francuskoj uz finansijsku podr\u0161ku Evropske komisije. Redovni je profesor Fakulteta za privredu i pravosu\u0111e (Novi Sad). Dr D. Lopandi\u0107 je objavio oko trideset knjiga i vi\u0161e od stotinu stru\u010dnih i nau\u010dnih radova na teme Evropske unije, regionalne saradnje, me\u0111unarodnih odnosa i istorije diplomatije.<\/p>\t<\/div>\n\t\n\t\n\n\n\t\t<\/div>\n\t\t\t\t\t<\/div>\n\n\t\n\n\t<div id=\"col-858391309\" class=\"col medium-5 small-6 large-5\"  >\n\t\t\t\t<div class=\"col-inner\"  >\n\t\t\t\n\t\t\t\n\n    <div class=\"box has-hover has-hover box-default box-text-bottom\" >\n\n                  <div class=\"box-image \" style=\"width:80%;\">\n           <div class=\"box-image-inner image-cover\" style=\"border-radius:100%;padding-top:100%;\">\n              <img loading=\"lazy\" decoding=\"async\" width=\"765\" height=\"510\" src=\"https:\/\/feb.si\/me\/wp-content\/uploads\/sites\/2\/2023\/09\/Dordevic.jpg\" class=\"attachment-original size-original\" alt=\"\" srcset=\"https:\/\/feb.si\/me\/wp-content\/uploads\/sites\/2\/2023\/09\/Dordevic.jpg 765w, https:\/\/feb.si\/me\/wp-content\/uploads\/sites\/2\/2023\/09\/Dordevic-300x200.jpg 300w\" sizes=\"(max-width: 765px) 100vw, 765px\" \/>                         <\/div>\n          <\/div>\n         \n          <div class=\"box-text text-center is-large\" >\n                <div class=\"box-text-inner\">\n                  <h4 class=\"uppercase\">\n                    <span class=\"person-name\">Zoran \u0110or\u0111evi\u0107<\/span><br\/>\n                    <span class=\"person-title is-small thin-font op-7\">\n                                          <\/span>\n                  <\/h4>\n                                  \n\n<a href=\"#dordevic-vec\" target=\"_self\" class=\"button secondary is-underline expand\"  >\n    <span>ve\u010d<\/span>\n  <i class=\"icon-angle-right\" aria-hidden=\"true\" ><\/i><\/a>\n\n\n\n                <\/div>\n          <\/div>\n    <\/div>\n\n\t\n    \n\n\n\t<div id=\"dordevic-vec\"\n\t     class=\"lightbox-by-id lightbox-content mfp-hide lightbox-white \"\n\t     style=\"max-width:600px ;padding:20px\">\n\t\t<p>\u0110or\u0111evi\u0107 je generalni direktor Po\u0161te Srbije i budu\u0107i ambasador Srbije u Sloveniji. \u0110or\u0111evi\u0107 je bio ministar u Vladi Srbije u dva mandata &#8211; prvobitno kao ministar odbrane, a potom kao ministar za rad. Prije nego \u0161to je u\u0161ao u zvani\u010dne politi\u010dke vode Zoran \u0110or\u0111evi\u0107 je profesionalno iskustvo sticao na rukovode\u0107im pozicijama u oblasti finansijskog i izvr\u0161nog menad\u017ementa u renomiranim doma\u0107im i me\u0111unarodnim kompanijama. \u010clan je Mense Srbije.<\/p>\t<\/div>\n\t\n\t\n\n\n\t\t<\/div>\n\t\t\t\t\t<\/div>\n\n\t\n\n\t<div id=\"col-1831191431\" class=\"col medium-5 small-6 large-5\"  >\n\t\t\t\t<div class=\"col-inner\"  >\n\t\t\t\n\t\t\t\n\n    <div class=\"box has-hover has-hover box-default box-text-bottom\" >\n\n                  <div class=\"box-image \" style=\"width:80%;\">\n           <div class=\"box-image-inner image-cover\" style=\"border-radius:100%;padding-top:100%;\">\n              <img loading=\"lazy\" decoding=\"async\" width=\"1080\" height=\"1080\" src=\"https:\/\/feb.si\/me\/wp-content\/uploads\/sites\/2\/2024\/11\/Izdelek-brez-naslova-6.png\" class=\"attachment-original size-original\" alt=\"\" srcset=\"https:\/\/feb.si\/me\/wp-content\/uploads\/sites\/2\/2024\/11\/Izdelek-brez-naslova-6.png 1080w, https:\/\/feb.si\/me\/wp-content\/uploads\/sites\/2\/2024\/11\/Izdelek-brez-naslova-6-300x300.png 300w, https:\/\/feb.si\/me\/wp-content\/uploads\/sites\/2\/2024\/11\/Izdelek-brez-naslova-6-1024x1024.png 1024w, https:\/\/feb.si\/me\/wp-content\/uploads\/sites\/2\/2024\/11\/Izdelek-brez-naslova-6-150x150.png 150w, https:\/\/feb.si\/me\/wp-content\/uploads\/sites\/2\/2024\/11\/Izdelek-brez-naslova-6-768x768.png 768w\" sizes=\"(max-width: 1080px) 100vw, 1080px\" \/>                         <\/div>\n          <\/div>\n         \n          <div class=\"box-text text-center is-large\" >\n                <div class=\"box-text-inner\">\n                  <h4 class=\"uppercase\">\n                    <span class=\"person-name\">Igor Davidovi\u0107<\/span><br\/>\n                    <span class=\"person-title is-small thin-font op-7\">\n                                          <\/span>\n                  <\/h4>\n                                  \n\n<a href=\"#davidovic-vec\" target=\"_self\" class=\"button secondary is-underline expand\"  >\n    <span>ve\u010d<\/span>\n  <i class=\"icon-angle-right\" aria-hidden=\"true\" ><\/i><\/a>\n\n\n\n                <\/div>\n          <\/div>\n    <\/div>\n\n\t\n    \n\n\n\t<div id=\"davidovic-vec\"\n\t     class=\"lightbox-by-id lightbox-content mfp-hide lightbox-white \"\n\t     style=\"max-width:600px ;padding:20px\">\n\t\t<p>Ro\u0111en 1960. godine. Magistar me\u0111unarodnog prava, diplomata, gra\u0111anski aktivista i  publicista, ekspert za javnu diplomatiju i EU. Bio je ambasador BiH u SAD (nerezidentni ambasador u Meksiku i u Brazilu), \u0161ef Misije BiH pri OSCE i UN u Be\u010du, \u0161ef Misije BiH pri EU u Briselu, glavni pregovara\u010d za Sporazum o stabilizaciji i pridru\u017eivanju BiH sa EU. Autor ve\u0107eg broja nau\u010dnih radova, analiti\u010dkih tekstova i kolumni, predava\u010d na politi\u010dkim akademijama Savjeta Evrope u BiH. Koordinator programa u Centru za primenjene evropske studije u Beogradu.<\/p>\t<\/div>\n\t\n\t\n\n\n\t\t<\/div>\n\t\t\t\t\t<\/div>\n\n\t\n\n\t<div id=\"col-162668510\" class=\"col medium-5 small-6 large-5\"  >\n\t\t\t\t<div class=\"col-inner\"  >\n\t\t\t\n\t\t\t\n\n    <div class=\"box has-hover has-hover box-default box-text-bottom\" >\n\n                  <div class=\"box-image \" style=\"width:80%;\">\n           <div class=\"box-image-inner image-cover\" style=\"border-radius:100%;padding-top:100%;\">\n              <img loading=\"lazy\" decoding=\"async\" width=\"139\" height=\"139\" src=\"https:\/\/feb.si\/me\/wp-content\/uploads\/sites\/2\/2023\/03\/Vujovic.jpeg\" class=\"attachment-original size-original\" alt=\"\" \/>                         <\/div>\n          <\/div>\n         \n          <div class=\"box-text text-center is-large\" >\n                <div class=\"box-text-inner\">\n                  <h4 class=\"uppercase\">\n                    <span class=\"person-name\">ZLATKO VUJOVI\u0106<\/span><br\/>\n                    <span class=\"person-title is-small thin-font op-7\">\n                      generalni sekretar enemo                    <\/span>\n                  <\/h4>\n                 <div class=\"social-icons follow-icons\" ><a href=\"https:\/\/www.linkedin.com\/in\/zlatko-vujovic-95990b8\/\" target=\"_blank\" rel=\"noopener noreferrer nofollow\" data-label=\"LinkedIn\" class=\"icon plain  linkedin tooltip\" title=\"Follow on LinkedIn\" aria-label=\"Follow on LinkedIn\"><i class=\"icon-linkedin\" ><\/i><\/a><\/div>                 \n\n<a href=\"#vujovic-vec\" target=\"_self\" class=\"button secondary is-underline expand\"  >\n    <span>ve\u010d<\/span>\n  <i class=\"icon-angle-right\" aria-hidden=\"true\" ><\/i><\/a>\n\n\n\n                <\/div>\n          <\/div>\n    <\/div>\n\n\t\n    \n\n\n\t<div id=\"vujovic-vec\"\n\t     class=\"lightbox-by-id lightbox-content mfp-hide lightbox-white \"\n\t     style=\"max-width:600px ;padding:20px\">\n\t\t<p>Zlatko Vujovi\u0107 (ro\u0111en 1975. godine) je trenutno generalni sekretar ENEMO-a i predsjednik Centra za pra\u0107enje i istra\u017eivanje CeMI. Od 2017. godine \u010dlan je odbora Globalne mre\u017ee doma\u0107ih posmatra\u010da izbora. Diplomirao je na Pravnom fakultetu u Podgorici i magistrirao politi\u010dke nauke na Univerzitetu Crne Gore. Doktorirao je komparativne politi\u010dke nauke na Fakultetu politi\u010dkih nauka u Zagrebu. Docent je na Fakultetu politi\u010dkih nauka Univerziteta Crne Gore, gdje se bavi predmetima: izborni sistemi, javne politike, javno mnjenje i javne teorije.\n<\/p>\t<\/div>\n\t\n\t\n\n\n\t\t<\/div>\n\t\t\t\t\t<\/div>\n\n\t\n\n\t<div id=\"col-1387716021\" class=\"col medium-5 small-6 large-5\"  >\n\t\t\t\t<div class=\"col-inner\"  >\n\t\t\t\n\t\t\t\n\n    <div class=\"box has-hover has-hover box-default box-text-bottom\" >\n\n                  <div class=\"box-image \" style=\"width:80%;\">\n           <div class=\"box-image-inner image-cover\" style=\"border-radius:100%;padding-top:100%;\">\n              <img loading=\"lazy\" decoding=\"async\" width=\"1620\" height=\"1080\" src=\"https:\/\/feb.si\/me\/wp-content\/uploads\/sites\/2\/2023\/04\/20220705110258_R6SG2649.jpg\" class=\"attachment-original size-original\" alt=\"\" srcset=\"https:\/\/feb.si\/me\/wp-content\/uploads\/sites\/2\/2023\/04\/20220705110258_R6SG2649.jpg 1620w, https:\/\/feb.si\/me\/wp-content\/uploads\/sites\/2\/2023\/04\/20220705110258_R6SG2649-300x200.jpg 300w, https:\/\/feb.si\/me\/wp-content\/uploads\/sites\/2\/2023\/04\/20220705110258_R6SG2649-1024x683.jpg 1024w, https:\/\/feb.si\/me\/wp-content\/uploads\/sites\/2\/2023\/04\/20220705110258_R6SG2649-768x512.jpg 768w, https:\/\/feb.si\/me\/wp-content\/uploads\/sites\/2\/2023\/04\/20220705110258_R6SG2649-1536x1024.jpg 1536w\" sizes=\"(max-width: 1620px) 100vw, 1620px\" \/>                         <\/div>\n          <\/div>\n         \n          <div class=\"box-text text-center is-large\" >\n                <div class=\"box-text-inner\">\n                  <h4 class=\"uppercase\">\n                    <span class=\"person-name\">ZORAN ZAEV<\/span><br\/>\n                    <span class=\"person-title is-small thin-font op-7\">\n                                          <\/span>\n                  <\/h4>\n                                  \n\n<a href=\"#zaev-vec\" target=\"_self\" class=\"button secondary is-underline expand\"  >\n    <span>ve\u010d<\/span>\n  <i class=\"icon-angle-right\" aria-hidden=\"true\" ><\/i><\/a>\n\n\n\n                <\/div>\n          <\/div>\n    <\/div>\n\n\t\n    \n\n\n\t<div id=\"zaev-vec\"\n\t     class=\"lightbox-by-id lightbox-content mfp-hide lightbox-white \"\n\t     style=\"max-width:600px ;padding:20px\">\n\t\t<p>Zoran Zaev (makedonsko \u0417\u043e\u0440\u0430\u043d \u0417\u0430\u0435\u0432) je makedonski ekonomist in politik ter dvakratni predsednik vlade Severne Makedonije. Prvi\u010d je funkcijo opravljal od 31. maja 2017 do 3. januarja 2020, drugi\u010d pa od 30. avgusta 2020 do 16. januarja 2022.\nZ Gr\u010dijo je podpisal Prespanski sporazum, s katerim je re\u0161il dolgoletni spor glede imena dr\u017eave, ki je pripeljal do pristopnega protokola Severne Makedonije k Natu. Zaev je eden od pobudnikov Mini schengenske cone, gospodarske cone dr\u017eav Zahodnega Balkana, ki naj bi zagotavljala \u201c\u0161tiri svobo\u0161\u010dine\u201d.\n<\/p>\t<\/div>\n\t\n\t\n\n\n\t\t<\/div>\n\t\t\t\t\t<\/div>\n\n\t\n\n\t<div id=\"col-805060215\" class=\"col medium-5 small-6 large-5\"  >\n\t\t\t\t<div class=\"col-inner\"  >\n\t\t\t\n\t\t\t\n\n    <div class=\"box has-hover hidden has-hover box-default box-text-bottom\" >\n\n                  <div class=\"box-image \" style=\"width:80%;\">\n           <div class=\"box-image-inner image-cover\" style=\"border-radius:100%;padding-top:100%;\">\n              <img loading=\"lazy\" decoding=\"async\" width=\"1080\" height=\"1080\" src=\"https:\/\/feb.si\/me\/wp-content\/uploads\/sites\/2\/2024\/11\/Izdelek-brez-naslova-6.png\" class=\"attachment-original size-original\" alt=\"\" srcset=\"https:\/\/feb.si\/me\/wp-content\/uploads\/sites\/2\/2024\/11\/Izdelek-brez-naslova-6.png 1080w, https:\/\/feb.si\/me\/wp-content\/uploads\/sites\/2\/2024\/11\/Izdelek-brez-naslova-6-300x300.png 300w, https:\/\/feb.si\/me\/wp-content\/uploads\/sites\/2\/2024\/11\/Izdelek-brez-naslova-6-1024x1024.png 1024w, https:\/\/feb.si\/me\/wp-content\/uploads\/sites\/2\/2024\/11\/Izdelek-brez-naslova-6-150x150.png 150w, https:\/\/feb.si\/me\/wp-content\/uploads\/sites\/2\/2024\/11\/Izdelek-brez-naslova-6-768x768.png 768w\" sizes=\"(max-width: 1080px) 100vw, 1080px\" \/>                         <\/div>\n          <\/div>\n         \n          <div class=\"box-text text-center is-large\" >\n                <div class=\"box-text-inner\">\n                  <h4 class=\"uppercase\">\n                    <span class=\"person-name\">Igor Davidovi\u0107<\/span><br\/>\n                    <span class=\"person-title is-small thin-font op-7\">\n                                          <\/span>\n                  <\/h4>\n                                  \n\n<a href=\"#dordevic-vec\" target=\"_self\" class=\"button secondary is-underline expand\"  >\n    <span>ve\u010d<\/span>\n  <i class=\"icon-angle-right\" aria-hidden=\"true\" ><\/i><\/a>\n\n\n\n                <\/div>\n          <\/div>\n    <\/div>\n\n\t\n    \n\t\t<div class=\"hidden\">\n\t\t\t\t\n\n\n\t\t<\/div>\n\t\n\n\t\t<\/div>\n\t\t\t\t\t<\/div>\n\n\t\n\n\n\n\n\n\n<\/div>\n\n\t\t<\/div>\n\n\t\t\n<style>\n#section_183128043 {\n  padding-top: 60px;\n  padding-bottom: 60px;\n}\n#section_183128043 .ux-shape-divider--top svg {\n  height: 150px;\n  --divider-top-width: 100%;\n}\n#section_183128043 .ux-shape-divider--bottom svg {\n  height: 150px;\n  --divider-width: 100%;\n}\n<\/style>\n\t<\/section>\n\t\n<span class=\"scroll-to\" data-label=\"Scroll to: #poslanstvo\" data-bullet=\"false\" data-link=\"#poslanstvo\" data-title=\"Poslanstvo\"><a name=\"poslanstvo\"><\/a><\/span>\n\n\t<section class=\"section pb-0\" id=\"section_1988524748\">\n\t\t<div class=\"bg section-bg fill bg-fill  bg-loaded\" >\n\n\t\t\t\n\t\t\t\n\t\t\t\n\n\t\t<\/div>\n\n\t\t\n\n\t\t<div class=\"section-content relative\">\n\t\t\t\n\n<div class=\"row align-center\"  id=\"row-806228458\">\n\n\n\t<div id=\"col-1357364187\" class=\"col border-gold medium-11 small-12 large-11\"  >\n\t\t\t\t<div class=\"col-inner\"  >\n\t\t\t\n\t<div class=\"is-border\"\n\t\tstyle=\"border-color:rgb(216, 180, 95);border-width:3px 3px 3px 3px;\">\n\t<\/div>\n\t\t\t\n\n\t<div id=\"text-1874551397\" class=\"text\">\n\t\t\n\n<h2>Na\u0161a misija<\/h2>\n<p>Forum za evropski Balkan (FEB) veliki dio svoje aktivnosti posve\u0107uje pitanjima politike pro\u0161irenja EU i problemima sa kojima \u0107e se EU i balkanske zemlje suo\u010davati u budu\u0107nosti. FEB podsti\u010de analize, evaluacije pojedinih aspekata procesa pro\u0161irenja, razmjenu mi\u0161ljenja, a posebno \u0107e nastojati da identifikuje oblasti\/doga\u0111aje\/probleme koji uti\u010du na formiranje stavova dr\u017eava \u010dlanica EU u pogledu daljeg pro\u0161irenja EU. <br>Istovremeno, FEB \u0107e poku\u0161ati da sa sagovornicima iz zemalja kandidatkinja za \u010dlanstvo u EU, defini\u0161e bitne elemente koji ko\u010de procese politi\u010dkih i institucionalnih reformi u ovim zemljama.<br>\nPodsticanje evropske perspektive balkanskih zemalja prvenstveno je u funkciji osiguranja mira, stabilnosti i razvoja \u010ditavog regiona, stoga je izuzetno va\u017eno stvoriti konsenzus me\u0111u dr\u017eavama \u010dlanicama EU po pitanju pro\u0161irenja, kao i dr\u017eavama kandidatima za \u010dlanstvo, a upravo ovo drugo FEB namjerava da promovi\u0161e u okviru svojih aktivnosti kako bi svojim dijelom doprinio podr\u0161ci pro\u0161irenju EU na Balkan.\n<\/p>\n\t\t\n<style>\n#text-1874551397 {\n  text-align: center;\n}\n<\/style>\n\t<\/div>\n\t\n\n\t\t<\/div>\n\t\t\t\t\n<style>\n#col-1357364187 > .col-inner {\n  padding: 20px 30px 12px 30px;\n}\n<\/style>\n\t<\/div>\n\n\t\n\n<\/div>\n\n\t\t<\/div>\n\n\t\t\n<style>\n#section_1988524748 {\n  padding-top: 50px;\n  padding-bottom: 50px;\n}\n#section_1988524748 .ux-shape-divider--top svg {\n  height: 150px;\n  --divider-top-width: 100%;\n}\n#section_1988524748 .ux-shape-divider--bottom svg {\n  height: 150px;\n  --divider-width: 100%;\n}\n<\/style>\n\t<\/section>\n\t\n<span class=\"scroll-to\" data-label=\"Scroll to: #kontakt\" data-bullet=\"false\" data-link=\"#kontakt\" data-title=\"Kontakt\"><a name=\"kontakt\"><\/a><\/span>\n\n\t<section class=\"section\" id=\"section_1050700357\">\n\t\t<div class=\"bg section-bg fill bg-fill  bg-loaded\" >\n\n\t\t\t\n\t\t\t\n\t\t\t\n\n\t\t<\/div>\n\n\t\t\n\n\t\t<div class=\"section-content relative\">\n\t\t\t\n\n<div class=\"row align-center\"  id=\"row-1580735625\">\n\n\n\t<div id=\"col-884370974\" class=\"col medium-4 small-6 large-4 col-divided\"  >\n\t\t\t\t<div class=\"col-inner text-left\"  >\n\t\t\t\n\t\t\t\n\n\n\t\t<div class=\"icon-box featured-box icon-box-center text-center\"  >\n\t\t\t\t\t<div class=\"icon-box-img\" style=\"width: 40px\">\n\t\t\t\t<div class=\"icon\">\n\t\t\t\t\t<div class=\"icon-inner\" >\n\t\t\t\t\t\t<img loading=\"lazy\" decoding=\"async\" width=\"300\" height=\"300\" src=\"https:\/\/feb.si\/me\/wp-content\/uploads\/sites\/2\/2023\/02\/pin-300x300.png\" class=\"attachment-medium size-medium\" alt=\"\" srcset=\"https:\/\/feb.si\/me\/wp-content\/uploads\/sites\/2\/2023\/02\/pin-300x300.png 300w, https:\/\/feb.si\/me\/wp-content\/uploads\/sites\/2\/2023\/02\/pin-150x150.png 150w, https:\/\/feb.si\/me\/wp-content\/uploads\/sites\/2\/2023\/02\/pin.png 512w\" sizes=\"(max-width: 300px) 100vw, 300px\" \/>\t\t\t\t\t<\/div>\n\t\t\t\t<\/div>\n\t\t\t<\/div>\n\t\t\t\t<div class=\"icon-box-text last-reset\">\n\t\t\t\t\t\t\t\t\t\n\n<h3>Adresa<\/h3>\n<p>Cesta v Kle\u010de 12,<br \/>1000 Ljubljana<\/p>\n\n\t\t<\/div>\n\t<\/div>\n\t\n\t\n\n\t\t<\/div>\n\t\t\t\t\t<\/div>\n\n\t\n\n\t<div id=\"col-252747119\" class=\"col medium-4 small-6 large-4\"  >\n\t\t\t\t<div class=\"col-inner\"  >\n\t\t\t\n\t\t\t\n\n\n\t\t<div class=\"icon-box featured-box icon-box-center text-center\"  >\n\t\t\t\t\t<div class=\"icon-box-img\" style=\"width: 40px\">\n\t\t\t\t<div class=\"icon\">\n\t\t\t\t\t<div class=\"icon-inner\" >\n\t\t\t\t\t\t<img loading=\"lazy\" decoding=\"async\" width=\"300\" height=\"300\" src=\"https:\/\/feb.si\/me\/wp-content\/uploads\/sites\/2\/2023\/02\/email-1-300x300.png\" class=\"attachment-medium size-medium\" alt=\"\" srcset=\"https:\/\/feb.si\/me\/wp-content\/uploads\/sites\/2\/2023\/02\/email-1-300x300.png 300w, https:\/\/feb.si\/me\/wp-content\/uploads\/sites\/2\/2023\/02\/email-1-150x150.png 150w, https:\/\/feb.si\/me\/wp-content\/uploads\/sites\/2\/2023\/02\/email-1.png 512w\" sizes=\"(max-width: 300px) 100vw, 300px\" \/>\t\t\t\t\t<\/div>\n\t\t\t\t<\/div>\n\t\t\t<\/div>\n\t\t\t\t<div class=\"icon-box-text last-reset\">\n\t\t\t\t\t\t\t\t\t\n\n<h3>Email<\/h3>\n<p>info@feb.si\/me<br \/>info@europeanbalkan.org<\/p>\n\n\t\t<\/div>\n\t<\/div>\n\t\n\t\n\n\t\t<\/div>\n\t\t\t\t\t<\/div>\n\n\t\n\n<\/div>\n\n\t\t<\/div>\n\n\t\t\n<style>\n#section_1050700357 {\n  padding-top: 30px;\n  padding-bottom: 30px;\n}\n#section_1050700357 .ux-shape-divider--top svg {\n  height: 150px;\n  --divider-top-width: 100%;\n}\n#section_1050700357 .ux-shape-divider--bottom svg {\n  height: 150px;\n  --divider-width: 100%;\n}\n<\/style>\n\t<\/section>\n\t\n\n","protected":false},"excerpt":{"rendered":"","protected":false},"author":1,"featured_media":0,"parent":0,"menu_order":0,"comment_status":"closed","ping_status":"closed","template":"page-blank.php","meta":{"footnotes":""},"class_list":["post-97","page","type-page","status-publish","hentry"],"_links":{"self":[{"href":"https:\/\/feb.si\/me\/wp-json\/wp\/v2\/pages\/97"}],"collection":[{"href":"https:\/\/feb.si\/me\/wp-json\/wp\/v2\/pages"}],"about":[{"href":"https:\/\/feb.si\/me\/wp-json\/wp\/v2\/types\/page"}],"author":[{"embeddable":true,"href":"https:\/\/feb.si\/me\/wp-json\/wp\/v2\/users\/1"}],"replies":[{"embeddable":true,"href":"https:\/\/feb.si\/me\/wp-json\/wp\/v2\/comments?post=97"}],"version-history":[{"count":58,"href":"https:\/\/feb.si\/me\/wp-json\/wp\/v2\/pages\/97\/revisions"}],"predecessor-version":[{"id":2771,"href":"https:\/\/feb.si\/me\/wp-json\/wp\/v2\/pages\/97\/revisions\/2771"}],"wp:attachment":[{"href":"https:\/\/feb.si\/me\/wp-json\/wp\/v2\/media?parent=97"}],"curies":[{"name":"wp","href":"https:\/\/api.w.org\/{rel}","templated":true}]}}